{"id":68,"date":"2020-08-13T18:35:55","date_gmt":"2020-08-13T16:35:55","guid":{"rendered":"http:\/\/revedebouchons61.com\/?page_id=68"},"modified":"2020-09-14T20:45:45","modified_gmt":"2020-09-14T18:45:45","slug":"actualites","status":"publish","type":"page","link":"https:\/\/revedebouchons61.com\/index.php\/actualites\/","title":{"rendered":"Actualit\u00e9s"},"content":{"rendered":"\t\t<div data-elementor-type=\"wp-page\" data-elementor-id=\"68\" class=\"elementor elementor-68\">\n\t\t\t\t\t\t<section class=\"elementor-section elementor-top-section elementor-element elementor-element-3fdcd131 elementor-section-full_width elementor-section-height-min-height elementor-section-height-default elementor-section-items-middle\" data-id=\"3fdcd131\" data-element_type=\"section\" data-e-type=\"section\" data-settings=\"{&quot;background_background&quot;:&quot;classic&quot;}\">\n\t\t\t\t\t\t<div class=\"elementor-container elementor-column-gap-default\">\n\t\t\t\t\t<div class=\"elementor-column elementor-col-100 elementor-top-column elementor-element elementor-element-39d2372\" data-id=\"39d2372\" data-element_type=\"column\" data-e-type=\"column\">\n\t\t\t<div class=\"elementor-widget-wrap elementor-element-populated\">\n\t\t\t\t\t\t<div class=\"elementor-element elementor-element-0a4e77c elementor-widget elementor-widget-heading\" data-id=\"0a4e77c\" data-element_type=\"widget\" data-e-type=\"widget\" data-widget_type=\"heading.default\">\n\t\t\t\t<div class=\"elementor-widget-container\">\n\t\t\t\t\t<h2 class=\"elementor-heading-title elementor-size-default\">Nos derni\u00e8res actualit\u00e9s<\/h2>\t\t\t\t<\/div>\n\t\t\t\t<\/div>\n\t\t\t\t<div class=\"elementor-element elementor-element-1d549dd7 elementor-widget elementor-widget-text-editor\" data-id=\"1d549dd7\" data-element_type=\"widget\" data-e-type=\"widget\" data-widget_type=\"text-editor.default\">\n\t\t\t\t<div class=\"elementor-widget-container\">\n\t\t\t\t\t\t\t\t\t\n<div class=\"wp-block-themeisle-blocks-advanced-columns has-undefined-columns has-desktop-undefined-layout has-tablet-equal-layout has-mobile-equal-layout has-default-gap has-vertical-unset\" id=\"wp-block-themeisle-blocks-advanced-columns-c7de82dc\"><div class=\"wp-block-themeisle-blocks-advanced-columns-overlay\"><\/div><div class=\"innerblocks-wrap\"><\/div><\/div>\n\t\t\t\t\t\t\t\t<\/div>\n\t\t\t\t<\/div>\n\t\t\t\t\t<\/div>\n\t\t<\/div>\n\t\t\t\t\t<\/div>\n\t\t<\/section>\n\t\t\t\t<section class=\"elementor-section elementor-top-section elementor-element elementor-element-46bb8c5 elementor-section-boxed elementor-section-height-default elementor-section-height-default\" data-id=\"46bb8c5\" data-element_type=\"section\" data-e-type=\"section\">\n\t\t\t\t\t\t<div class=\"elementor-container elementor-column-gap-default\">\n\t\t\t\t\t<div class=\"elementor-column elementor-col-100 elementor-top-column elementor-element elementor-element-8e6e253\" data-id=\"8e6e253\" data-element_type=\"column\" data-e-type=\"column\">\n\t\t\t<div class=\"elementor-widget-wrap elementor-element-populated\">\n\t\t\t\t\t\t<div class=\"elementor-element elementor-element-cb13099 elementor-widget elementor-widget-eael-post-timeline\" data-id=\"cb13099\" data-element_type=\"widget\" data-e-type=\"widget\" data-widget_type=\"eael-post-timeline.default\">\n\t\t\t\t<div class=\"elementor-widget-container\">\n\t\t\t\t\t<div id=\"eael-post-timeline-cb13099\" class=\"eael-post-timeline timeline-layout-default eael-post-timeline-arrow-\">\n            <div class=\"eael-post-timeline eael-post-appender eael-post-appender-cb13099\"><article class=\"eael-timeline-post eael-timeline-column\">\n    <div class=\"eael-timeline-bullet\"><\/div>\n    <div class=\"eael-timeline-post-inner\">\n        <a class=\"eael-timeline-post-link\" href=\"https:\/\/revedebouchons61.com\/index.php\/2025\/12\/13\/de-belles-collectes-en-novembre\/\" title=\"De belles collectes en novembre\">\n            <time datetime=\"13 d\u00e9cembre 2025\">13 d\u00e9cembre 2025<\/time>\n            <div class=\"eael-timeline-post-image  attachment-medium size-medium\" style=\"background-image: url(https:\/\/revedebouchons61.com\/wp-content\/uploads\/2025\/12\/college-putanges-1-300x225.jpg);\"><\/div><div class=\"eael-timeline-post-excerpt\"><p>Calvados Les bouchons du coeur du calvados nous ont livr\u00e9 environ 500 kilos Les laboratoires Biocarmes de Caen nous ont livr\u00e9 environ 600 kilos de...<\/p><\/div><div class=\"eael-timeline-post-title\">\n                    <h2 class=\"eael-timeline-post-title-text\">De belles collectes en novembre<\/h2>\n                <\/div><\/a>\n    <\/div>\n<\/article><article class=\"eael-timeline-post eael-timeline-column\">\n    <div class=\"eael-timeline-bullet\"><\/div>\n    <div class=\"eael-timeline-post-inner\">\n        <a class=\"eael-timeline-post-link\" href=\"https:\/\/revedebouchons61.com\/index.php\/2025\/11\/14\/11nov2025-a-montilly\/\" title=\"11nov2025 \u00e0 Montilly\">\n            <time datetime=\"14 novembre 2025\">14 novembre 2025<\/time>\n            <div class=\"eael-timeline-post-image  attachment-medium size-medium\" style=\"background-image: url(https:\/\/revedebouchons61.com\/wp-content\/uploads\/2025\/11\/20251111_163339-300x225.jpg);\"><\/div><div class=\"eael-timeline-post-excerpt\"><p>Encore une belle journ\u00e9e pass\u00e9e \u00e0 Montilly lors du &lsquo;Montilly sport festival&rsquo;. Avec Sandrine, B\u00e9atrice et Jean-Claude, nous avons pass\u00e9 la journ\u00e9e \u00e0 r\u00e9ceptionner les...<\/p><\/div><div class=\"eael-timeline-post-title\">\n                    <h2 class=\"eael-timeline-post-title-text\">11nov2025 \u00e0 Montilly<\/h2>\n                <\/div><\/a>\n    <\/div>\n<\/article><article class=\"eael-timeline-post eael-timeline-column\">\n    <div class=\"eael-timeline-bullet\"><\/div>\n    <div class=\"eael-timeline-post-inner\">\n        <a class=\"eael-timeline-post-link\" href=\"https:\/\/revedebouchons61.com\/index.php\/2025\/10\/02\/le-calvados-a-lhonneur\/\" title=\"Le calvados \u00e0 l&rsquo;honneur\">\n            <time datetime=\"2 octobre 2025\">2 octobre 2025<\/time>\n            <div class=\"eael-timeline-post-image  attachment-medium size-medium\" style=\"background-image: url(https:\/\/revedebouchons61.com\/wp-content\/uploads\/2025\/10\/20251002_162203-225x300.jpg);\"><\/div><div class=\"eael-timeline-post-excerpt\"><p>Ces derni\u00e8res semaines, nous avons \u00e9t\u00e9 sollicit\u00e9s par plusieurs personnes du calvados qui ne pouvaient plus \u00e9vacuer leur collecte d\u00fb \u00e0 la fermeture de l&rsquo;association...<\/p><\/div><div class=\"eael-timeline-post-title\">\n                    <h2 class=\"eael-timeline-post-title-text\">Le calvados \u00e0 l&rsquo;honneur<\/h2>\n                <\/div><\/a>\n    <\/div>\n<\/article><article class=\"eael-timeline-post eael-timeline-column\">\n    <div class=\"eael-timeline-bullet\"><\/div>\n    <div class=\"eael-timeline-post-inner\">\n        <a class=\"eael-timeline-post-link\" href=\"https:\/\/revedebouchons61.com\/index.php\/2025\/09\/20\/partenariat-prometteur-avec-orne-habitat\/\" title=\"Partenariat prometteur avec Orne habitat\">\n            <time datetime=\"20 septembre 2025\">20 septembre 2025<\/time>\n            <div class=\"eael-timeline-post-image  attachment-medium size-medium\" style=\"background-image: url(https:\/\/revedebouchons61.com\/wp-content\/uploads\/2025\/09\/orne-habitat-09-25-225x300.jpg);\"><\/div><div class=\"eael-timeline-post-excerpt\"><p>En mars 2025, Orne-habitat, fort de ses 5 agences, nous avait livr\u00e9 un peu plus de 120 kgs de bouchons.Une deuxi\u00e8me livraison a \u00e9t\u00e9 faite...<\/p><\/div><div class=\"eael-timeline-post-title\">\n                    <h2 class=\"eael-timeline-post-title-text\">Partenariat prometteur avec Orne habitat<\/h2>\n                <\/div><\/a>\n    <\/div>\n<\/article><article class=\"eael-timeline-post eael-timeline-column\">\n    <div class=\"eael-timeline-bullet\"><\/div>\n    <div class=\"eael-timeline-post-inner\">\n        <a class=\"eael-timeline-post-link\" href=\"https:\/\/revedebouchons61.com\/index.php\/2025\/08\/18\/don-pour-siege-de-mise-a-leau\/\" title=\"Don pour si\u00e8ge de mise \u00e0 l&rsquo;eau\">\n            <time datetime=\"18 ao\u00fbt 2025\">18 ao\u00fbt 2025<\/time>\n            <div class=\"eael-timeline-post-image  attachment-medium size-medium\" style=\"background-image: url(https:\/\/revedebouchons61.com\/wp-content\/uploads\/2025\/08\/photo-siege-mise-a-leau-300x200.jpeg);\"><\/div><div class=\"eael-timeline-post-excerpt\"><p>Texte paru sur le journal\u00a0\u00bb Le publicateur\u00a0\u00bb Un syst\u00e8me pour les personnes en situation de handicap a \u00e9t\u00e9 mis en place au centre aquatique de...<\/p><\/div><div class=\"eael-timeline-post-title\">\n                    <h2 class=\"eael-timeline-post-title-text\">Don pour si\u00e8ge de mise \u00e0 l&rsquo;eau<\/h2>\n                <\/div><\/a>\n    <\/div>\n<\/article><article class=\"eael-timeline-post eael-timeline-column\">\n    <div class=\"eael-timeline-bullet\"><\/div>\n    <div class=\"eael-timeline-post-inner\">\n        <a class=\"eael-timeline-post-link\" href=\"https:\/\/revedebouchons61.com\/index.php\/2025\/07\/10\/envoi-de-9-tonnes\/\" title=\"Envoi de 9 tonnes\">\n            <time datetime=\"10 juillet 2025\">10 juillet 2025<\/time>\n            <div class=\"eael-timeline-post-image  attachment-medium size-medium\" style=\"background-image: url(https:\/\/revedebouchons61.com\/wp-content\/uploads\/2025\/07\/IMG_5167111-1-300x225.jpg);\"><\/div><div class=\"eael-timeline-post-excerpt\"><p>Jeudi 26 juin, 17 b\u00e9n\u00e9voles et volontaires se sont r\u00e9unis au local pour charger le camion \u00e0 destination de Arnay le duc en Cote d&rsquo;or....<\/p><\/div><div class=\"eael-timeline-post-title\">\n                    <h2 class=\"eael-timeline-post-title-text\">Envoi de 9 tonnes<\/h2>\n                <\/div><\/a>\n    <\/div>\n<\/article><article class=\"eael-timeline-post eael-timeline-column\">\n    <div class=\"eael-timeline-bullet\"><\/div>\n    <div class=\"eael-timeline-post-inner\">\n        <a class=\"eael-timeline-post-link\" href=\"https:\/\/revedebouchons61.com\/index.php\/2025\/06\/09\/reussite-du-concert\/\" title=\"R\u00e9ussite du concert\">\n            <time datetime=\"9 juin 2025\">9 juin 2025<\/time>\n            <div class=\"eael-timeline-post-image  attachment-medium size-medium\" style=\"background-image: url(https:\/\/revedebouchons61.com\/wp-content\/uploads\/2025\/04\/affiche-concert-212x300.jpg);\"><\/div><div class=\"eael-timeline-post-excerpt\"><p>Environ 160 personnes ont assist\u00e9s au concert donn\u00e9 par \u00ab\u00a0la bande \u00e0 Buzzy\u00a0\u00bb, \u00e0 St georges des groseillers ce dimanche 4 mai 2025. L&rsquo;action visait...<\/p><\/div><div class=\"eael-timeline-post-title\">\n                    <h2 class=\"eael-timeline-post-title-text\">R\u00e9ussite du concert<\/h2>\n                <\/div><\/a>\n    <\/div>\n<\/article><article class=\"eael-timeline-post eael-timeline-column\">\n    <div class=\"eael-timeline-bullet\"><\/div>\n    <div class=\"eael-timeline-post-inner\">\n        <a class=\"eael-timeline-post-link\" href=\"https:\/\/revedebouchons61.com\/index.php\/2025\/02\/17\/assemblee-generale-2025\/\" title=\"Assembl\u00e9e g\u00e9n\u00e9rale 2025\">\n            <time datetime=\"17 f\u00e9vrier 2025\">17 f\u00e9vrier 2025<\/time>\n            <div class=\"eael-timeline-post-image  attachment-medium size-medium\" style=\"background-image: url(https:\/\/revedebouchons61.com\/wp-content\/uploads\/2025\/02\/A.G.-02_2025-300x225.jpg);\"><\/div><div class=\"eael-timeline-post-excerpt\"><p>L&rsquo;assembl\u00e9e g\u00e9n\u00e9rale de l&rsquo;association a eu lieu le 3 f\u00e9vrier en pr\u00e9sence de tous les membres ainsi que quelques partenaires fid\u00e8les. Apr\u00e8s avoir \u00e9voqu\u00e9 le...<\/p><\/div><div class=\"eael-timeline-post-title\">\n                    <h2 class=\"eael-timeline-post-title-text\">Assembl\u00e9e g\u00e9n\u00e9rale 2025<\/h2>\n                <\/div><\/a>\n    <\/div>\n<\/article><article class=\"eael-timeline-post eael-timeline-column\">\n    <div class=\"eael-timeline-bullet\"><\/div>\n    <div class=\"eael-timeline-post-inner\">\n        <a class=\"eael-timeline-post-link\" href=\"https:\/\/revedebouchons61.com\/index.php\/2025\/02\/17\/une-belle-recolte-a-liem-de-st-andre\/\" title=\"Une belle r\u00e9colte \u00e0 l&rsquo;IEM de St Andr\u00e9\">\n            <time datetime=\"17 f\u00e9vrier 2025\">17 f\u00e9vrier 2025<\/time>\n            <div class=\"eael-timeline-post-image  attachment-medium size-medium\" style=\"background-image: url(https:\/\/revedebouchons61.com\/wp-content\/uploads\/2025\/02\/103_0683-300x225.jpg);\"><\/div><div class=\"eael-timeline-post-excerpt\"><p>Fin janvier 2025, 2 voyages ont \u00e9t\u00e9 n\u00e9cessaires pour acheminer les sacs r\u00e9colt\u00e9e et tri\u00e9s par les r\u00e9sidents de l&rsquo;IEM. Cela repr\u00e9sente environ 700 kilos...<\/p><\/div><div class=\"eael-timeline-post-title\">\n                    <h2 class=\"eael-timeline-post-title-text\">Une belle r\u00e9colte \u00e0 l&rsquo;IEM de St Andr\u00e9<\/h2>\n                <\/div><\/a>\n    <\/div>\n<\/article><article class=\"eael-timeline-post eael-timeline-column\">\n    <div class=\"eael-timeline-bullet\"><\/div>\n    <div class=\"eael-timeline-post-inner\">\n        <a class=\"eael-timeline-post-link\" href=\"https:\/\/revedebouchons61.com\/index.php\/2025\/01\/13\/life-dalencon-se-mobilise\/\" title=\"l&rsquo;IFE d&rsquo;Alen\u00e7on se mobilise\">\n            <time datetime=\"13 janvier 2025\">13 janvier 2025<\/time>\n            <div class=\"eael-timeline-post-image  attachment-medium size-medium\" style=\"background-image: url(https:\/\/revedebouchons61.com\/wp-content\/uploads\/2025\/01\/Ecole-ergotherapeutes-Alencon-300x169.jpg);\"><\/div><div class=\"eael-timeline-post-excerpt\"><p>L&rsquo;association des ergoth\u00e9rapeutes de l&rsquo;IFE d&rsquo;Alen\u00e7on s&rsquo;est mobilis\u00e9e toute l&rsquo;ann\u00e9e 2024 pour r\u00e9colter des bouchons et ce sont 8 jeunes filles qui nous ont livr\u00e9s...<\/p><\/div><div class=\"eael-timeline-post-title\">\n                    <h2 class=\"eael-timeline-post-title-text\">l&rsquo;IFE d&rsquo;Alen\u00e7on se mobilise<\/h2>\n                <\/div><\/a>\n    <\/div>\n<\/article><\/div>\n\t\t<\/div>            <div class=\"eael-load-more-button-wrap\">\n                <button class=\"eael-load-more-button\" id=\"eael-load-more-btn-cb13099\" data-widget-id=\"cb13099\" data-widget=\"cb13099\" data-page-id=\"68\" data-template=\"{&quot;dir&quot;:&quot;lite&quot;,&quot;file_name&quot;:&quot;default.php&quot;,&quot;name&quot;:&quot;Post-Timeline&quot;}\" data-class=\"Essential_Addons_Elementor\\Elements\\Post_Timeline\" data-layout=\"\" data-page=\"1\" data-args=\"orderby=date&amp;order=desc&amp;ignore_sticky_posts=1&amp;post_status=publish&amp;posts_per_page=10&amp;offset=0&amp;post_type=post\" data-max-page=\"3\">\n                    <span class=\"eael-btn-loader button__loader\"><\/span>\n                    <span class=\"eael_load_more_text\">Voir les articles plus anciens<\/span>\n                <\/button>\n            <\/div>\n            \t\t\t\t<\/div>\n\t\t\t\t<\/div>\n\t\t\t\t\t<\/div>\n\t\t<\/div>\n\t\t\t\t\t<\/div>\n\t\t<\/section>\n\t\t\t\t<\/div>\n\t\t","protected":false},"excerpt":{"rendered":"<p>Nos derni\u00e8res actualit\u00e9s 14 ao\u00fbt 2020 Jeudi 24 octobre a eu lieu \u00e0 Saint andr\u00e9 de messei la remise des jeux surdimensionn\u00e9s et adapt\u00e9s pour les enfants de L&rsquo;I.E.M. L&rsquo;\u00e9quipe p\u00e9dagogique&#8230; Remise de jeux \u00e0 l&rsquo;IME de Saint-Andr\u00e9 de Messei Voir les articles plus anciens<\/p>\n","protected":false},"author":1,"featured_media":0,"parent":0,"menu_order":0,"comment_status":"closed","ping_status":"closed","template":"","meta":{"neve_meta_sidebar":"full-width","neve_meta_container":"","neve_meta_enable_content_width":"on","neve_meta_content_width":100,"neve_meta_title_alignment":"","neve_meta_author_avatar":"","neve_post_elements_order":"","neve_meta_disable_header":"","neve_meta_disable_footer":"","neve_meta_disable_title":"","footnotes":""},"class_list":["post-68","page","type-page","status-publish","hentry"],"yoast_head":"<!-- This site is optimized with the Yoast SEO plugin v26.0 - https:\/\/yoast.com\/wordpress\/plugins\/seo\/ -->\n<title>Actualit\u00e9s - R\u00eave de bouchons 61<\/title>\n<meta name=\"robots\" content=\"index, follow, max-snippet:-1, max-image-preview:large, max-video-preview:-1\" \/>\n<link rel=\"canonical\" href=\"https:\/\/revedebouchons61.com\/index.php\/actualites\/\" \/>\n<meta property=\"og:locale\" content=\"fr_FR\" \/>\n<meta property=\"og:type\" content=\"article\" \/>\n<meta property=\"og:title\" content=\"Actualit\u00e9s - R\u00eave de bouchons 61\" \/>\n<meta property=\"og:description\" content=\"Nos derni\u00e8res actualit\u00e9s 14 ao\u00fbt 2020 Jeudi 24 octobre a eu lieu \u00e0 Saint andr\u00e9 de messei la remise des jeux surdimensionn\u00e9s et adapt\u00e9s pour les enfants de L&rsquo;I.E.M. L&rsquo;\u00e9quipe p\u00e9dagogique&#8230; Remise de jeux \u00e0 l&rsquo;IME de Saint-Andr\u00e9 de Messei Voir les articles plus anciens\" \/>\n<meta property=\"og:url\" content=\"https:\/\/revedebouchons61.com\/index.php\/actualites\/\" \/>\n<meta property=\"og:site_name\" content=\"R\u00eave de bouchons 61\" \/>\n<meta property=\"article:modified_time\" content=\"2020-09-14T18:45:45+00:00\" \/>\n<meta name=\"twitter:card\" content=\"summary_large_image\" \/>\n<script type=\"application\/ld+json\" class=\"yoast-schema-graph\">{\"@context\":\"https:\/\/schema.org\",\"@graph\":[{\"@type\":\"WebPage\",\"@id\":\"https:\/\/revedebouchons61.com\/index.php\/actualites\/\",\"url\":\"https:\/\/revedebouchons61.com\/index.php\/actualites\/\",\"name\":\"Actualit\u00e9s - R\u00eave de bouchons 61\",\"isPartOf\":{\"@id\":\"https:\/\/revedebouchons61.com\/#website\"},\"datePublished\":\"2020-08-13T16:35:55+00:00\",\"dateModified\":\"2020-09-14T18:45:45+00:00\",\"breadcrumb\":{\"@id\":\"https:\/\/revedebouchons61.com\/index.php\/actualites\/#breadcrumb\"},\"inLanguage\":\"fr-FR\",\"potentialAction\":[{\"@type\":\"ReadAction\",\"target\":[\"https:\/\/revedebouchons61.com\/index.php\/actualites\/\"]}]},{\"@type\":\"BreadcrumbList\",\"@id\":\"https:\/\/revedebouchons61.com\/index.php\/actualites\/#breadcrumb\",\"itemListElement\":[{\"@type\":\"ListItem\",\"position\":1,\"name\":\"Accueil\",\"item\":\"https:\/\/revedebouchons61.com\/\"},{\"@type\":\"ListItem\",\"position\":2,\"name\":\"Actualit\u00e9s\"}]},{\"@type\":\"WebSite\",\"@id\":\"https:\/\/revedebouchons61.com\/#website\",\"url\":\"https:\/\/revedebouchons61.com\/\",\"name\":\"R\u00eave de bouchons 61\",\"description\":\"Association \u00e0 but humanitaire\",\"potentialAction\":[{\"@type\":\"SearchAction\",\"target\":{\"@type\":\"EntryPoint\",\"urlTemplate\":\"https:\/\/revedebouchons61.com\/?s={search_term_string}\"},\"query-input\":{\"@type\":\"PropertyValueSpecification\",\"valueRequired\":true,\"valueName\":\"search_term_string\"}}],\"inLanguage\":\"fr-FR\"}]}<\/script>\n<!-- \/ Yoast SEO plugin. -->","yoast_head_json":{"title":"Actualit\u00e9s - R\u00eave de bouchons 61","robots":{"index":"index","follow":"follow","max-snippet":"max-snippet:-1","max-image-preview":"max-image-preview:large","max-video-preview":"max-video-preview:-1"},"canonical":"https:\/\/revedebouchons61.com\/index.php\/actualites\/","og_locale":"fr_FR","og_type":"article","og_title":"Actualit\u00e9s - R\u00eave de bouchons 61","og_description":"Nos derni\u00e8res actualit\u00e9s 14 ao\u00fbt 2020 Jeudi 24 octobre a eu lieu \u00e0 Saint andr\u00e9 de messei la remise des jeux surdimensionn\u00e9s et adapt\u00e9s pour les enfants de L&rsquo;I.E.M. L&rsquo;\u00e9quipe p\u00e9dagogique&#8230; Remise de jeux \u00e0 l&rsquo;IME de Saint-Andr\u00e9 de Messei Voir les articles plus anciens","og_url":"https:\/\/revedebouchons61.com\/index.php\/actualites\/","og_site_name":"R\u00eave de bouchons 61","article_modified_time":"2020-09-14T18:45:45+00:00","twitter_card":"summary_large_image","schema":{"@context":"https:\/\/schema.org","@graph":[{"@type":"WebPage","@id":"https:\/\/revedebouchons61.com\/index.php\/actualites\/","url":"https:\/\/revedebouchons61.com\/index.php\/actualites\/","name":"Actualit\u00e9s - R\u00eave de bouchons 61","isPartOf":{"@id":"https:\/\/revedebouchons61.com\/#website"},"datePublished":"2020-08-13T16:35:55+00:00","dateModified":"2020-09-14T18:45:45+00:00","breadcrumb":{"@id":"https:\/\/revedebouchons61.com\/index.php\/actualites\/#breadcrumb"},"inLanguage":"fr-FR","potentialAction":[{"@type":"ReadAction","target":["https:\/\/revedebouchons61.com\/index.php\/actualites\/"]}]},{"@type":"BreadcrumbList","@id":"https:\/\/revedebouchons61.com\/index.php\/actualites\/#breadcrumb","itemListElement":[{"@type":"ListItem","position":1,"name":"Accueil","item":"https:\/\/revedebouchons61.com\/"},{"@type":"ListItem","position":2,"name":"Actualit\u00e9s"}]},{"@type":"WebSite","@id":"https:\/\/revedebouchons61.com\/#website","url":"https:\/\/revedebouchons61.com\/","name":"R\u00eave de bouchons 61","description":"Association \u00e0 but humanitaire","potentialAction":[{"@type":"SearchAction","target":{"@type":"EntryPoint","urlTemplate":"https:\/\/revedebouchons61.com\/?s={search_term_string}"},"query-input":{"@type":"PropertyValueSpecification","valueRequired":true,"valueName":"search_term_string"}}],"inLanguage":"fr-FR"}]}},"_links":{"self":[{"href":"https:\/\/revedebouchons61.com\/index.php\/wp-json\/wp\/v2\/pages\/68","targetHints":{"allow":["GET"]}}],"collection":[{"href":"https:\/\/revedebouchons61.com\/index.php\/wp-json\/wp\/v2\/pages"}],"about":[{"href":"https:\/\/revedebouchons61.com\/index.php\/wp-json\/wp\/v2\/types\/page"}],"author":[{"embeddable":true,"href":"https:\/\/revedebouchons61.com\/index.php\/wp-json\/wp\/v2\/users\/1"}],"replies":[{"embeddable":true,"href":"https:\/\/revedebouchons61.com\/index.php\/wp-json\/wp\/v2\/comments?post=68"}],"version-history":[{"count":4,"href":"https:\/\/revedebouchons61.com\/index.php\/wp-json\/wp\/v2\/pages\/68\/revisions"}],"predecessor-version":[{"id":300,"href":"https:\/\/revedebouchons61.com\/index.php\/wp-json\/wp\/v2\/pages\/68\/revisions\/300"}],"wp:attachment":[{"href":"https:\/\/revedebouchons61.com\/index.php\/wp-json\/wp\/v2\/media?parent=68"}],"curies":[{"name":"wp","href":"https:\/\/api.w.org\/{rel}","templated":true}]}}